{"id":735,"date":"2021-06-10T13:39:08","date_gmt":"2021-06-10T11:39:08","guid":{"rendered":"http:\/\/uusi.umtt.fi\/?page_id=735"},"modified":"2021-06-10T13:47:19","modified_gmt":"2021-06-10T11:47:19","slug":"koronarokotusten-kirjautumisessa-virheita","status":"publish","type":"page","link":"https:\/\/kutt.fi\/sv\/koronarokotusten-kirjautumisessa-virheita\/","title":{"rendered":"Koronarokotusten kirjautumisessa virheit\u00e4"},"content":{"rendered":"<div data-id='initial-content-section' data-export-id='initial-content-section' data-label='Initial Content' id='initial-content-section' class='content-section content-section-spacing'>\n   <div class='gridContainer'>\n     <div class='row'>\n\n        <div class='col-xs-12 col-sm-12'>                <p><\/p>\n<p>Potilastietoj\u00e4rjestelm\u00e4ss\u00e4mme on todettu virheit\u00e4 koronarokotekirjauksissa. Virheist\u00e4 johtuen OmaKantaan on saattanut tallentua v\u00e4\u00e4ri\u00e4 rokotetietoja, jotka tulostuvat my\u00f6s OmaKannan kansalliseen koronatodistukseen. Tarkistamme parhaillaan virhekirjauksia ja teemme niihin tarvittavat korjaukset. Pyrimme korjaamaan virheet 18.6.2021 menness\u00e4. Mik\u00e4li tarvitset koronatodistuksen kiireisemm\u00e4ll\u00e4 aikataululla, olethan yhteydess\u00e4 potilastietoj\u00e4rjestelm\u00e4n p\u00e4\u00e4k\u00e4ytt\u00e4j\u00e4\u00e4mme s\u00e4hk\u00f6postitse: <a href=\"mailto:paula.lahti@kutt.fi\">paula.lahti@kutt.fi<\/a>. Pahoittelemme virhett\u00e4.<\/p>\n<p><\/p>\n\n          <\/div>\n      <\/div>\n  <\/div>\n<\/div>","protected":false},"excerpt":{"rendered":"<p>Potilastietoj\u00e4rjestelm\u00e4ss\u00e4mme on todettu virheit\u00e4 koronarokotekirjauksissa. Virheist\u00e4 johtuen OmaKantaan on saattanut tallentua v\u00e4\u00e4ri\u00e4 rokotetietoja, jotka tulostuvat my\u00f6s OmaKannan kansalliseen koronatodistukseen. Tarkistamme parhaillaan virhekirjauksia ja teemme niihin tarvittavat korjaukset. Pyrimme korjaamaan virheet 18.6.2021 menness\u00e4. Mik\u00e4li tarvitset koronatodistuksen kiireisemm\u00e4ll\u00e4 aikataululla, olethan yhteydess\u00e4 potilastietoj\u00e4rjestelm\u00e4n p\u00e4\u00e4k\u00e4ytt\u00e4j\u00e4\u00e4mme s\u00e4hk\u00f6postitse: paula.lahti@kutt.fi. Pahoittelemme virhett\u00e4.<\/p>","protected":false},"author":1,"featured_media":0,"parent":0,"menu_order":0,"comment_status":"closed","ping_status":"closed","template":"pro\/page-templates\/full-width-page.php","meta":{"footnotes":""},"class_list":["post-735","page","type-page","status-publish","hentry"],"_links":{"self":[{"href":"https:\/\/kutt.fi\/sv\/wp-json\/wp\/v2\/pages\/735","targetHints":{"allow":["GET"]}}],"collection":[{"href":"https:\/\/kutt.fi\/sv\/wp-json\/wp\/v2\/pages"}],"about":[{"href":"https:\/\/kutt.fi\/sv\/wp-json\/wp\/v2\/types\/page"}],"author":[{"embeddable":true,"href":"https:\/\/kutt.fi\/sv\/wp-json\/wp\/v2\/users\/1"}],"replies":[{"embeddable":true,"href":"https:\/\/kutt.fi\/sv\/wp-json\/wp\/v2\/comments?post=735"}],"version-history":[{"count":2,"href":"https:\/\/kutt.fi\/sv\/wp-json\/wp\/v2\/pages\/735\/revisions"}],"predecessor-version":[{"id":744,"href":"https:\/\/kutt.fi\/sv\/wp-json\/wp\/v2\/pages\/735\/revisions\/744"}],"wp:attachment":[{"href":"https:\/\/kutt.fi\/sv\/wp-json\/wp\/v2\/media?parent=735"}],"curies":[{"name":"wp","href":"https:\/\/api.w.org\/{rel}","templated":true}]}}